{"id":1225,"date":"2025-03-08T21:04:23","date_gmt":"2025-03-08T20:04:23","guid":{"rendered":"https:\/\/tiphaniejars-psychologue.com\/?page_id=1225"},"modified":"2025-04-21T19:44:02","modified_gmt":"2025-04-21T17:44:02","slug":"la-remediation-cognitive","status":"publish","type":"page","link":"https:\/\/tiphaniejars-psychologue.com\/index.php\/consultations\/la-remediation-cognitive\/","title":{"rendered":"Rem\u00e9diation cognitive"},"content":{"rendered":"\n<p class=\"has-medium-font-size\"><\/p>\n\n\n\n<h2 class=\"wp-block-heading has-medium-font-size\"><strong>La rem\u00e9diation cognitive est une approche sp\u00e9cifique destin\u00e9e \u00e0 soutenir ou renforcer certaines fonctions cognitives, comme l\u2019attention, la m\u00e9moire, la flexibilit\u00e9 mentale, la planification ou encore la reconnaissance des \u00e9motions.<\/strong><\/h2>\n\n\n\n<div style=\"height:70px\" aria-hidden=\"true\" class=\"wp-block-spacer\"><\/div>\n\n\n\n<div class=\"wp-block-media-text is-stacked-on-mobile\"><figure class=\"wp-block-media-text__media\"><img fetchpriority=\"high\" decoding=\"async\" width=\"1024\" height=\"584\" src=\"https:\/\/tiphaniejars-psychologue.com\/wp-content\/uploads\/2025\/04\/brain-2026346_1280-1024x584.png\" alt=\"\" class=\"wp-image-1434 size-full\" srcset=\"https:\/\/tiphaniejars-psychologue.com\/wp-content\/uploads\/2025\/04\/brain-2026346_1280-1024x584.png 1024w, https:\/\/tiphaniejars-psychologue.com\/wp-content\/uploads\/2025\/04\/brain-2026346_1280-300x171.png 300w, https:\/\/tiphaniejars-psychologue.com\/wp-content\/uploads\/2025\/04\/brain-2026346_1280-768x438.png 768w, https:\/\/tiphaniejars-psychologue.com\/wp-content\/uploads\/2025\/04\/brain-2026346_1280.png 1280w\" sizes=\"(max-width: 1024px) 100vw, 1024px\" \/><\/figure><div class=\"wp-block-media-text__content\">\n<p class=\"has-medium-font-size\">Elle s\u2019adresse \u00e0 un public adulte, et peut \u00eatre propos\u00e9e dans diff\u00e9rents contextes : \u00e0 la suite d\u2019un AVC ou d\u2019un traumatisme cr\u00e2nien, dans le cadre d\u2019une pathologie neurod\u00e9g\u00e9n\u00e9rative (ex: maladie d&rsquo;Alzheimer), ou tout simplement lorsqu\u2019une plainte cognitive affecte le quotidien (oubli fr\u00e9quent, difficult\u00e9s d\u2019organisation, perte de rep\u00e8res&#8230;).<\/p>\n\n\n\n<p class=\"has-medium-font-size\">L\u2019objectif est de restaurer, d\u2019am\u00e9liorer ou de compenser certaines fonctions, en travaillant \u00e0 partir de situations concr\u00e8tes et adapt\u00e9es \u00e0 vos besoins. Il s\u2019agit d\u2019un accompagnement actif, personnalis\u00e9, respectueux de votre rythme et de vos capacit\u00e9s.<\/p>\n<\/div><\/div>\n\n\n\n<div style=\"height:70px\" aria-hidden=\"true\" class=\"wp-block-spacer\"><\/div>\n\n\n\n<p class=\"has-medium-font-size\"><strong>Exemples de motifs de consultation&nbsp;<\/strong>:<\/p>\n\n\n\n<p class=\"has-medium-font-size\">\u2013 Difficult\u00e9s attentionnelles<br>(exemple: je n\u2019arrive pas \u00e0 me focaliser sur une situation, \u00e0 suivre le film jusqu\u2019au bout ou \u00e0 faire deux choses simples en m\u00eame temps)<br>\u2013 Difficult\u00e9s ex\u00e9cutives<br>(exemple: je n\u2019arrive pas \u00e0 m\u2019organiser, passer d\u2019une t\u00e2che \u00e0 une autre, m\u2019emp\u00eacher de faire des choses que je ne voudrais pas faire)<br>\u2013 Difficult\u00e9s en th\u00e9orie de l\u2019esprit<br>(exemple\u00a0: je n\u2019arrive pas \u00e0 reconnaitre les \u00e9motions ou comprendre les ressentis des autres)<br>\u2013 Etc\u2026<\/p>\n\n\n\n<div style=\"height:70px\" aria-hidden=\"true\" class=\"wp-block-spacer\"><\/div>\n\n\n\n<p class=\"has-medium-font-size\"><strong>Les consultations durent environ 45 mins.<br>Cliquer ici pour connaitre les&nbsp;<a href=\"https:\/\/tiphaniejars-psychologue.com\/index.php\/presentation\/tarifs\/\">tarifs<\/a><\/strong><\/p>\n","protected":false},"excerpt":{"rendered":"<p>La rem\u00e9diation cognitive est une approche sp\u00e9cifique destin\u00e9e \u00e0 soutenir ou renforcer certaines fonctions cognitives, comme l\u2019attention, la m\u00e9moire, la flexibilit\u00e9 mentale, la planification ou encore la reconnaissance des \u00e9motions. Elle s\u2019adresse \u00e0 un public adulte, et peut \u00eatre propos\u00e9e dans diff\u00e9rents contextes : \u00e0 la suite d\u2019un AVC ou d\u2019un traumatisme cr\u00e2nien, dans le [&hellip;]<\/p>\n","protected":false},"author":1,"featured_media":0,"parent":626,"menu_order":0,"comment_status":"closed","ping_status":"closed","template":"","meta":{"footnotes":""},"class_list":["post-1225","page","type-page","status-publish","hentry"],"aioseo_notices":[],"_links":{"self":[{"href":"https:\/\/tiphaniejars-psychologue.com\/index.php\/wp-json\/wp\/v2\/pages\/1225","targetHints":{"allow":["GET"]}}],"collection":[{"href":"https:\/\/tiphaniejars-psychologue.com\/index.php\/wp-json\/wp\/v2\/pages"}],"about":[{"href":"https:\/\/tiphaniejars-psychologue.com\/index.php\/wp-json\/wp\/v2\/types\/page"}],"author":[{"embeddable":true,"href":"https:\/\/tiphaniejars-psychologue.com\/index.php\/wp-json\/wp\/v2\/users\/1"}],"replies":[{"embeddable":true,"href":"https:\/\/tiphaniejars-psychologue.com\/index.php\/wp-json\/wp\/v2\/comments?post=1225"}],"version-history":[{"count":15,"href":"https:\/\/tiphaniejars-psychologue.com\/index.php\/wp-json\/wp\/v2\/pages\/1225\/revisions"}],"predecessor-version":[{"id":1610,"href":"https:\/\/tiphaniejars-psychologue.com\/index.php\/wp-json\/wp\/v2\/pages\/1225\/revisions\/1610"}],"up":[{"embeddable":true,"href":"https:\/\/tiphaniejars-psychologue.com\/index.php\/wp-json\/wp\/v2\/pages\/626"}],"wp:attachment":[{"href":"https:\/\/tiphaniejars-psychologue.com\/index.php\/wp-json\/wp\/v2\/media?parent=1225"}],"curies":[{"name":"wp","href":"https:\/\/api.w.org\/{rel}","templated":true}]}}